{"id":431,"date":"2020-11-22T11:22:42","date_gmt":"2020-11-22T11:22:42","guid":{"rendered":"https:\/\/utemartens.de\/?page_id=431"},"modified":"2026-03-30T16:36:10","modified_gmt":"2026-03-30T16:36:10","slug":"vita","status":"publish","type":"page","link":"https:\/\/utemartens.de\/index.php\/vita\/","title":{"rendered":"Vita"},"content":{"rendered":"<div class=\"wpb-content-wrapper\"><p>[vc_row css_animation=&#8220;&#8220; row_type=&#8220;row&#8220; use_row_as_full_screen_section=&#8220;no&#8220; type=&#8220;full_width&#8220; angled_section=&#8220;no&#8220; text_align=&#8220;left&#8220; background_image_as_pattern=&#8220;without_pattern&#8220;][vc_column][vc_single_image image=&#8220;605&#8243; img_size=&#8220;1280&#215;720&#8243; qode_css_animation=&#8220;&#8220;][vc_empty_space height=&#8220;40px&#8220;][vc_column_text]<\/p>\n<div>\n<p>Ich bin 1964 in Hamburg geboren. Nach dem Abitur habe ich meine k\u00fcnstlerische Ausbildung zun\u00e4chst 1984 in der Werkstatt f\u00fcr freie Malerei und Grafik bei Waltraut Kiessner begonnen. Danach studierte ich an der HAW Hamburg, Departement Design, und erwarb 1994 meinen\u00a0Abschluss als Diplom Designerin mit der Fachrichtung Illustration. Zu meinen Professoren\/innen z\u00e4hlten u. a. Otto Ruths, Tom Knoth, Almut Heise, Brigitte Thoma und Gero Flursch\u00fctz.<\/p>\n<p>&nbsp;<\/p>\n<\/div>\n<div>\n<p>Bereits w\u00e4hrend des Studiums arbeitete ich als freie Illustratorin f\u00fcr Kinder- und Jugendbuchverlage und zeichnete viele Jahre lang f\u00fcr das Hamburger Abendblatt die Portraits der Rubrik \u201eMenschlich gesehen\u201c. Ebenso habe ich einige Jahre lang Farbe und Form, Fotografie und Aquarellmalerei als Dozentin an der Akademie JAK und der VHS unterrichtet. Nach dem Studium war ich als langj\u00e4hrige freie\u00a0Produktdesignerin f\u00fcr Tchibo t\u00e4tig.<\/p>\n<div>\n<p>Schon meine angewandten Arbeiten und Illustrationen sind best\u00e4ndig vom Realismus und einem lebendigen Detailreichtum gepr\u00e4gt. Durch die Arbeit als realistisch arbeitende Illustratorin kann ich f\u00fcr meine Malerei daher auf solide handwerkliche F\u00e4higkeiten zur\u00fcckgreifen.<\/p>\n<\/div>\n<div><\/div>\n<div>\n<p>Das Narrative und die naturalistische Auffassung haben auch meine freischaffende Malerei stark gepr\u00e4gt, mit der ich mich heute in erster Linie k\u00fcnstlerisch auseinandersetze.<\/p>\n<p>&nbsp;<\/p>\n<p>Ich nehme die Welt mit meinen Sinnen wahr, empfinde sie mit meinem Inneren, und setzte sie um in eine neue Realit\u00e4t.\u00a0Mit meinen Augen, mit meinen H\u00e4nden und durch eine Art inneren Filter entsteht meine Sicht der Dinge.<\/p>\n<\/div>\n<\/div>\n<p>[\/vc_column_text][vc_empty_space height=&#8220;40px&#8220;][vc_single_image image=&#8220;1407&#8243; img_size=&#8220;1280&#215;960&#8243; add_caption=&#8220;yes&#8220; alignment=&#8220;center&#8220; css=&#8220;&#8220; qode_css_animation=&#8220;&#8220;][vc_empty_space height=&#8220;40px&#8220;][vc_column_text]<\/p>\n<div><\/div>\n<div>\n<p>Realistische Malerei bedeutet f\u00fcr mich, nicht nur das Gesehene wiederzugeben. Es ist nicht nur ein &#8222;Abmalen&#8220;. Das Malen ist f\u00fcr mich ein sehr sinnlicher Vorgang, in dem ich nicht nur optisch und haptisch wahrnehme. Vielmehr spielen dabei auch Gedanken, Atmosph\u00e4re und Erinnerungen eine Rolle. Das Malen braucht au\u00dferordentliche Achtsamkeit und zugleich wird sie dadurch erst erm\u00f6glicht.<\/p>\n<\/div>\n<p>[\/vc_column_text][vc_column_text css=&#8220;&#8220;]<\/p>\n<div>\n<div>\n<p>In meinen realistischen, gegenst\u00e4ndlichen Bildern verwende ich einen malerisch lockereren Duktus. Beim Malen wechseln sich Zufall und Kontrolle, eine bewusst vorgenommene Steuerung des zuf\u00e4llig Entstandenen, ab. Details lasse ich freien und offenen Fl\u00e4chen gegen\u00fcber stehen. H\u00e4ufig muss man bereits Geschaffenes wieder zerst\u00f6ren und neu aufbauen. Ich setzte gerne Licht und Schatten und entwickle dabei einen m\u00f6glichst differenzierten Farbauftrag.<\/p>\n<\/div>\n<p>&nbsp;<\/p>\n<\/div>\n<div>\n<p>Das intensive Sehen und Wahrnehmen findet Ausdruck in kraftvollen Landschaftsbildern in Acryl oder \u00d6l. Sie haben oft den nordischen Himmel, die Weite, die Nordsee, Hamburg, den Hafen und das etwas Herbe und Raue zum Thema. Diese Umsetzung und die Besch\u00e4ftigung mit der Malerei bedeuten f\u00fcr mich Freiheit. Ich kann ausdr\u00fccken, wof\u00fcr ich vielleicht keine Worte habe. Im Kontext mit Familienerinnerungen entstehen auch fig\u00fcrliche Szenen. Stillleben, oft scheinbar banale Alltagsgegenst\u00e4nde, geh\u00f6ren ebenso zum Spektrum meines Schaffens.<\/p>\n<p>&nbsp;<\/p>\n<\/div>\n<div>\n<p>Viele Arbeiten entstehen meist als Leinwandbilder im Atelier nach Fotografien von selbst erlebten und bereits eigens f\u00fcr die sp\u00e4tere malerische Umsetzung festgehaltenen Motiven oder direkt nach Sicht vor Ort. Oft male ich in der Natur auch \u201een plein air\u201c. Beim Malen \u00fcber einen l\u00e4ngeren Zeitraum drau\u00dfen unter freiem Himmel ver\u00e4ndern sich\u00a0Licht, Objekte, Stimmung best\u00e4ndig im Laufe des Malvorgangs. Im\u00a0Idealfall gelingt es einem, das alles in einem Bild einzufangen. Man sammelt quasi die Zeit, Atmosph\u00e4re und Ver\u00e4nderung ein.<\/p>\n<p>&nbsp;<\/p>\n<\/div>\n<div>\n<p>Termine f\u00fcr eine Werkschau im Atelier in Hamburg oder in meinem ATELIER IM NORDEN in Garding sind nach Absprache jederzeit m\u00f6glich. Rufen Sie an oder schreiben Sie mir: \u00a0<span data-type=\"normal\"  class=\"qode_icon_shortcode  q_font_awsome_icon fa-2x  q_icon_animation\" style=\" \"><a  itemprop=\"url\" href=\"mailto:info@utemartens.de\" target=\"_self\"><i class=\"qode_icon_font_awesome fa fa-envelope-o qode_icon_element\" style=\"color: #184178;\" ><\/i><\/a><\/span><\/p>\n<p>&nbsp;<\/p>\n<\/div>\n<p>[\/vc_column_text][\/vc_column][\/vc_row][vc_row css_animation=&#8220;&#8220; row_type=&#8220;row&#8220; use_row_as_full_screen_section=&#8220;no&#8220; type=&#8220;full_width&#8220; angled_section=&#8220;no&#8220; text_align=&#8220;left&#8220; background_image_as_pattern=&#8220;without_pattern&#8220;][vc_column][vc_empty_space height=&#8220;40px&#8220;][vc_column_text css=&#8220;&#8220;]<\/p>\n<div>\n<div>\n<h2 class=\"p1\">Ausstellungen<\/h2>\n<p>&nbsp;<\/p>\n<p class=\"p1\"><em>2026 \u00a0Von Hamburg, Dampfern und der See<\/em><\/p>\n<p class=\"p1\">Einzelausstellung<\/p>\n<p class=\"p1\">Casini &amp; G\u00f6rner, Hamburg<\/p>\n<p>&nbsp;<\/p>\n<div>\n<p class=\"p1\">2025 &#8211; 2026<\/p>\n<p class=\"p1\"><i>35. Kunstb\u00f6rse Kunstverein Schloss Wiligrad e. V<\/i><\/p>\n<p class=\"p1\">Gemeinschaftsausstellung<\/p>\n<p>Kunstverein Schloss Wiligrad e. V., L\u00fcbstorf am Schweriner Au\u00dfensee<\/p>\n<p>&nbsp;<\/p>\n<\/div>\n<p class=\"p1\">2025 &#8211; 2026 \u00a0Mensch und Landschaft<\/p>\n<p class=\"p1\">Gemeinschaftsausstellung<\/p>\n<p class=\"p1\">17. Ausstellung Kunsthaus SPO, St.Peter-Ording<\/p>\n<div>\n<p>&nbsp;<\/p>\n<\/div>\n<p class=\"p1\">2025 <i>Offene Ateliers der Gruppe KunstKlima, initiiert vom F\u00f6rderverein f\u00fcr Kunst und Kultur Eiderstedt<\/i><\/p>\n<p class=\"p1\">Werkschauen &#8222;Eiderstedt, Land am Meer&#8220; und &#8222;An den K\u00fcsten&#8220; im<\/p>\n<p class=\"p1\">Atelier Im Norden, Garding<\/p>\n<p>&nbsp;<\/p>\n<p class=\"p1\">2025<\/p>\n<p class=\"p1\"><i>Fr\u00fchlingserwachen<\/i><\/p>\n<p class=\"p1\">Gemeinschaftsausstellung<\/p>\n<p>Galerie Br\u00fccke, Hamburg<\/p>\n<p>&nbsp;<\/p>\n<p class=\"p1\">2025<\/p>\n<p class=\"p1\"><i>Seest\u00fccke Ost-West &#8211; Das Meer liegt Modell<\/i><\/p>\n<p class=\"p1\">Gemeinschaftsausstellung<\/p>\n<p>Kunstverein Schloss Wiligrad e. V., L\u00fcbstorf am Schweriner Au\u00dfensee<\/p>\n<p>&nbsp;<\/p>\n<p class=\"p1\">2024 &#8211; 2025<\/p>\n<p class=\"p1\"><i>Weite und Licht &#8211; Norddeutsche Landschaftsmalerei &#8211; damals und heute<\/i><\/p>\n<p class=\"p1\">Gemeinschaftsausstellung<\/p>\n<p>Elbschloss Residenz, Hamburg<\/p>\n<p>&nbsp;<\/p>\n<p class=\"p1\">2024\u00a0<em>Licht und Salz in meinen Farben<\/em><\/p>\n<p>Einzelausstellung<\/p>\n<p class=\"p1\">Herrenhaus Hoyerswort,\u00a0Oldenswort<\/p>\n<p>&nbsp;<\/p>\n<p class=\"p1\">2024 <em>Nordische Positionen<\/em><\/p>\n<p>Duo-Ausstellung<\/p>\n<p class=\"p1\">Kunsthaus Kappeln, Kappeln<\/p>\n<p>&nbsp;<\/p>\n<p class=\"p1\">2024 Ballkunst<\/p>\n<p>Gemeinschaftsausstellung<\/p>\n<p class=\"p1\">Galerie im Elys\u00e9e im Grand Elys\u00e9e Hotel, Hamburg<\/p>\n<p>&nbsp;<\/p>\n<p class=\"p1\">2024 Landschaft nah und fern<\/p>\n<p class=\"p1\">Gemeinschaftsausstellung<\/p>\n<p class=\"p1\">Galerie Tobien und Kunsthaus SPO, St.Peter-Ording<\/p>\n<p>&nbsp;<\/p>\n<p class=\"p1\">2024 <i>Kunstmeile Blankenese 2024<\/i><\/p>\n<p class=\"p1\">Gemeinschaftsausstellung<\/p>\n<p class=\"p1\">Kunstverein Blankenese e. V., Hamburg<\/p>\n<p>&nbsp;<\/p>\n<p class=\"p1\">2024 <i>sees\u00fcchtig<\/i><\/p>\n<p class=\"p1\">Duo-Ausstellung<\/p>\n<p>Elbschloss Residenz, Hamburg<\/p>\n<p>&nbsp;<\/p>\n<p class=\"p1\">2023\u00a0<i>Offenes Atelier<\/i><\/p>\n<p class=\"p1\">Gemeinschaftsausstellung<\/p>\n<p>B\u00f678 Ateliergemeinschaft, Hamburg<\/p>\n<p>&nbsp;<\/p>\n<p class=\"p1\">2023 <i>Augenpause<\/i><\/p>\n<p class=\"p1\">Einzelausstellung<\/p>\n<p class=\"p1\">Hamburger Sparkasse, Blankenese, Hamburg<\/p>\n<p>&nbsp;<\/p>\n<p class=\"p1\">2023 <i>Mensch &#8211; Natur<\/i><\/p>\n<p class=\"p1\">Gemeinschaftsausstellung<\/p>\n<p class=\"p1\">der Kunstinitiative St. Peter-Ording, Strandkorbhalle, St.Peter-Ording<\/p>\n<p>&nbsp;<\/p>\n<p class=\"p1\">2023 <i>Gezeitenwechsel<\/i><\/p>\n<p class=\"p1\">Gemeinschaftsausstellung<\/p>\n<p class=\"p1\">Galerie Tobien, St.Peter-Ording<\/p>\n<p>&nbsp;<\/p>\n<p class=\"p1\">2023 <i>Grosse und kleine Malwelten &#8211; Realistische Malerei von Ute Martens &amp; L\u00f6na Richter<\/i><\/p>\n<p class=\"p1\">Duo-Ausstellung<\/p>\n<p class=\"p1\">Die kleine Galerie in Flottbek, Hamburg<\/p>\n<p>&nbsp;<\/p>\n<p class=\"p1\">2022 <i>Gro\u00dfe Freiheit<\/i><\/p>\n<p>Duo-Ausstellung<\/p>\n<p class=\"p1\">Galerie im Elys\u00e9e im Grand Elys\u00e9e Hotel, Hamburg<\/p>\n<p>&nbsp;<\/p>\n<p class=\"p1\">2022 <i>Weitblick<\/i><\/p>\n<p class=\"p1\">Einzelausstellung<\/p>\n<p class=\"p1\">F\u00f6rderverein f\u00fcr Kunst und Kultur Eiderstedt, Altes Rathaus, Garding<\/p>\n<p>&nbsp;<\/p>\n<p class=\"p1\">2022 <i>Kunstmeile Blankenese 2022<\/i><\/p>\n<p class=\"p1\">Gemeinschaftsausstellung<\/p>\n<p class=\"p1\">Kunstverein Blankenese e. V., Hamburg<\/p>\n<p>&nbsp;<\/p>\n<p class=\"p1\">2021 <i>Vom Malerisch abstraktem Detail zum konkreten Ganzen &#8211; Realistische Malerei<\/i><\/p>\n<p class=\"p1\">Einzelausstellung<\/p>\n<p class=\"p1\">Pop-Up-Galerie, Hamburg<\/p>\n<p>&nbsp;<\/p>\n<\/div>\n<p class=\"p1\">2019 <i>Offenes Atelier<\/i><\/p>\n<p class=\"p1\">Gemeinschaftsausstellung<\/p>\n<p>B\u00f678 Ateliergemeinschaft, Hamburg<\/p>\n<\/div>\n<div class=\"wpb_text_column wpb_content_element\">\n<div class=\"wpb_wrapper\">\n<p>&nbsp;<\/p>\n<p>Mitglied im Berufsverband Bildender K\u00fcnstler*innen (BBK Hamburg), in der Gruppe KunstKlima des FKE auf Eiderstedt sowie im Kunstverein Blankenese in Hamburg<\/p>\n<\/div>\n<\/div>\n<p>[\/vc_column_text][vc_empty_space height=&#8220;40px&#8220;][\/vc_column][\/vc_row]<\/p>\n<\/div>","protected":false},"excerpt":{"rendered":"<p>[vc_row css_animation=&#8220;&#8220; row_type=&#8220;row&#8220; use_row_as_full_screen_section=&#8220;no&#8220; type=&#8220;full_width&#8220; angled_section=&#8220;no&#8220; text_align=&#8220;left&#8220; background_image_as_pattern=&#8220;without_pattern&#8220;][vc_column][vc_single_image image=&#8220;605&#8243; img_size=&#8220;1280&#215;720&#8243; qode_css_animation=&#8220;&#8220;][vc_empty_space height=&#8220;40px&#8220;][vc_column_text] Ich bin 1964 in Hamburg geboren. Nach dem Abitur habe ich meine k\u00fcnstlerische Ausbildung zun\u00e4chst 1984 in der Werkstatt f\u00fcr freie Malerei und Grafik bei Waltraut Kiessner begonnen. Danach studierte ich an der&#8230;<\/p>\n","protected":false},"author":1,"featured_media":0,"parent":0,"menu_order":0,"comment_status":"closed","ping_status":"closed","template":"","meta":{"footnotes":""},"class_list":["post-431","page","type-page","status-publish","hentry"],"yoast_head":"<!-- This site is optimized with the Yoast SEO plugin v27.5 - https:\/\/yoast.com\/product\/yoast-seo-wordpress\/ -->\n<title>Vita - Malerei Ute Martens<\/title>\n<meta name=\"robots\" content=\"index, follow, max-snippet:-1, max-image-preview:large, max-video-preview:-1\" \/>\n<link rel=\"canonical\" href=\"https:\/\/utemartens.de\/index.php\/vita\/\" \/>\n<meta property=\"og:locale\" content=\"de_DE\" \/>\n<meta property=\"og:type\" content=\"article\" \/>\n<meta property=\"og:title\" content=\"Vita - Malerei Ute Martens\" \/>\n<meta property=\"og:description\" content=\"[vc_row css_animation=&#8220;&#8220; row_type=&#8220;row&#8220; use_row_as_full_screen_section=&#8220;no&#8220; type=&#8220;full_width&#8220; angled_section=&#8220;no&#8220; text_align=&#8220;left&#8220; background_image_as_pattern=&#8220;without_pattern&#8220;][vc_column][vc_single_image image=&#8220;605&#8243; img_size=&#8220;1280&#215;720&#8243; qode_css_animation=&#8220;&#8220;][vc_empty_space height=&#8220;40px&#8220;][vc_column_text] Ich bin 1964 in Hamburg geboren. Nach dem Abitur habe ich meine k\u00fcnstlerische Ausbildung zun\u00e4chst 1984 in der Werkstatt f\u00fcr freie Malerei und Grafik bei Waltraut Kiessner begonnen. Danach studierte ich an der...\" \/>\n<meta property=\"og:url\" content=\"https:\/\/utemartens.de\/index.php\/vita\/\" \/>\n<meta property=\"og:site_name\" content=\"Malerei Ute Martens\" \/>\n<meta property=\"article:modified_time\" content=\"2026-03-30T16:36:10+00:00\" \/>\n<meta name=\"twitter:card\" content=\"summary_large_image\" \/>\n<meta name=\"twitter:label1\" content=\"Gesch\u00e4tzte Lesezeit\" \/>\n\t<meta name=\"twitter:data1\" content=\"6\u00a0Minuten\" \/>\n<script type=\"application\/ld+json\" class=\"yoast-schema-graph\">{\"@context\":\"https:\\\/\\\/schema.org\",\"@graph\":[{\"@type\":\"WebPage\",\"@id\":\"https:\\\/\\\/utemartens.de\\\/index.php\\\/vita\\\/\",\"url\":\"https:\\\/\\\/utemartens.de\\\/index.php\\\/vita\\\/\",\"name\":\"Vita - Malerei Ute Martens\",\"isPartOf\":{\"@id\":\"https:\\\/\\\/utemartens.de\\\/#website\"},\"datePublished\":\"2020-11-22T11:22:42+00:00\",\"dateModified\":\"2026-03-30T16:36:10+00:00\",\"breadcrumb\":{\"@id\":\"https:\\\/\\\/utemartens.de\\\/index.php\\\/vita\\\/#breadcrumb\"},\"inLanguage\":\"de\",\"potentialAction\":[{\"@type\":\"ReadAction\",\"target\":[\"https:\\\/\\\/utemartens.de\\\/index.php\\\/vita\\\/\"]}]},{\"@type\":\"BreadcrumbList\",\"@id\":\"https:\\\/\\\/utemartens.de\\\/index.php\\\/vita\\\/#breadcrumb\",\"itemListElement\":[{\"@type\":\"ListItem\",\"position\":1,\"name\":\"Startseite\",\"item\":\"https:\\\/\\\/utemartens.de\\\/\"},{\"@type\":\"ListItem\",\"position\":2,\"name\":\"Vita\"}]},{\"@type\":\"WebSite\",\"@id\":\"https:\\\/\\\/utemartens.de\\\/#website\",\"url\":\"https:\\\/\\\/utemartens.de\\\/\",\"name\":\"Malerei Ute Martens\",\"description\":\"K\u00fcnstlerin aus Hamburg\",\"potentialAction\":[{\"@type\":\"SearchAction\",\"target\":{\"@type\":\"EntryPoint\",\"urlTemplate\":\"https:\\\/\\\/utemartens.de\\\/?s={search_term_string}\"},\"query-input\":{\"@type\":\"PropertyValueSpecification\",\"valueRequired\":true,\"valueName\":\"search_term_string\"}}],\"inLanguage\":\"de\"}]}<\/script>\n<!-- \/ Yoast SEO plugin. -->","yoast_head_json":{"title":"Vita - Malerei Ute Martens","robots":{"index":"index","follow":"follow","max-snippet":"max-snippet:-1","max-image-preview":"max-image-preview:large","max-video-preview":"max-video-preview:-1"},"canonical":"https:\/\/utemartens.de\/index.php\/vita\/","og_locale":"de_DE","og_type":"article","og_title":"Vita - Malerei Ute Martens","og_description":"[vc_row css_animation=&#8220;&#8220; row_type=&#8220;row&#8220; use_row_as_full_screen_section=&#8220;no&#8220; type=&#8220;full_width&#8220; angled_section=&#8220;no&#8220; text_align=&#8220;left&#8220; background_image_as_pattern=&#8220;without_pattern&#8220;][vc_column][vc_single_image image=&#8220;605&#8243; img_size=&#8220;1280&#215;720&#8243; qode_css_animation=&#8220;&#8220;][vc_empty_space height=&#8220;40px&#8220;][vc_column_text] Ich bin 1964 in Hamburg geboren. Nach dem Abitur habe ich meine k\u00fcnstlerische Ausbildung zun\u00e4chst 1984 in der Werkstatt f\u00fcr freie Malerei und Grafik bei Waltraut Kiessner begonnen. Danach studierte ich an der...","og_url":"https:\/\/utemartens.de\/index.php\/vita\/","og_site_name":"Malerei Ute Martens","article_modified_time":"2026-03-30T16:36:10+00:00","twitter_card":"summary_large_image","twitter_misc":{"Gesch\u00e4tzte Lesezeit":"6\u00a0Minuten"},"schema":{"@context":"https:\/\/schema.org","@graph":[{"@type":"WebPage","@id":"https:\/\/utemartens.de\/index.php\/vita\/","url":"https:\/\/utemartens.de\/index.php\/vita\/","name":"Vita - Malerei Ute Martens","isPartOf":{"@id":"https:\/\/utemartens.de\/#website"},"datePublished":"2020-11-22T11:22:42+00:00","dateModified":"2026-03-30T16:36:10+00:00","breadcrumb":{"@id":"https:\/\/utemartens.de\/index.php\/vita\/#breadcrumb"},"inLanguage":"de","potentialAction":[{"@type":"ReadAction","target":["https:\/\/utemartens.de\/index.php\/vita\/"]}]},{"@type":"BreadcrumbList","@id":"https:\/\/utemartens.de\/index.php\/vita\/#breadcrumb","itemListElement":[{"@type":"ListItem","position":1,"name":"Startseite","item":"https:\/\/utemartens.de\/"},{"@type":"ListItem","position":2,"name":"Vita"}]},{"@type":"WebSite","@id":"https:\/\/utemartens.de\/#website","url":"https:\/\/utemartens.de\/","name":"Malerei Ute Martens","description":"K\u00fcnstlerin aus Hamburg","potentialAction":[{"@type":"SearchAction","target":{"@type":"EntryPoint","urlTemplate":"https:\/\/utemartens.de\/?s={search_term_string}"},"query-input":{"@type":"PropertyValueSpecification","valueRequired":true,"valueName":"search_term_string"}}],"inLanguage":"de"}]}},"_links":{"self":[{"href":"https:\/\/utemartens.de\/index.php\/wp-json\/wp\/v2\/pages\/431","targetHints":{"allow":["GET"]}}],"collection":[{"href":"https:\/\/utemartens.de\/index.php\/wp-json\/wp\/v2\/pages"}],"about":[{"href":"https:\/\/utemartens.de\/index.php\/wp-json\/wp\/v2\/types\/page"}],"author":[{"embeddable":true,"href":"https:\/\/utemartens.de\/index.php\/wp-json\/wp\/v2\/users\/1"}],"replies":[{"embeddable":true,"href":"https:\/\/utemartens.de\/index.php\/wp-json\/wp\/v2\/comments?post=431"}],"version-history":[{"count":7,"href":"https:\/\/utemartens.de\/index.php\/wp-json\/wp\/v2\/pages\/431\/revisions"}],"predecessor-version":[{"id":1433,"href":"https:\/\/utemartens.de\/index.php\/wp-json\/wp\/v2\/pages\/431\/revisions\/1433"}],"wp:attachment":[{"href":"https:\/\/utemartens.de\/index.php\/wp-json\/wp\/v2\/media?parent=431"}],"curies":[{"name":"wp","href":"https:\/\/api.w.org\/{rel}","templated":true}]}}